{"id":572,"date":"2020-04-16T20:14:17","date_gmt":"2020-04-16T18:14:17","guid":{"rendered":"\/\/localhost:3000\/es_plan_climat\/?page_id=572"},"modified":"2025-09-29T18:12:12","modified_gmt":"2025-09-29T16:12:12","slug":"3-proteger","status":"publish","type":"page","link":"https:\/\/elogie-siemp.paris\/planclimat\/plan-dactions\/3-proteger","title":{"rendered":"3 &#8211; Prot\u00e9ger"},"content":{"rendered":"\n<div data-elementor-type=\"wp-page\" data-elementor-id=\"572\" class=\"elementor elementor-572\" data-elementor-settings=\"[]\">\n<div class=\"elementor-inner\">\n<div class=\"elementor-section-wrap\">\n<section class=\"elementor-section elementor-top-section elementor-element elementor-element-14073f07 elementor-section-full_width elementor-section-height-default elementor-section-height-default\" data-id=\"14073f07\" data-element_type=\"section\" id=\"plan-dactions__intro\">\n<div class=\"elementor-container elementor-column-gap-default\">\n<div class=\"elementor-row\">\n<div class=\"elementor-column elementor-col-50 elementor-top-column elementor-element elementor-element-5ca35c9b\" data-id=\"5ca35c9b\" data-element_type=\"column\">\n<div class=\"elementor-column-wrap elementor-element-populated\">\n<div class=\"elementor-widget-wrap\">\n<div class=\"elementor-element elementor-element-4ab47941 elementor-widget elementor-widget-heading\" data-id=\"4ab47941\" data-element_type=\"widget\" data-widget_type=\"heading.default\">\n<div class=\"elementor-widget-container\">\n<h1 class=\"elementor-heading-title elementor-size-default\">Prot\u00e9ger<br>\nnotre environnement<\/h1>\n<\/p><\/div>\n<\/p><\/div>\n<div class=\"elementor-element elementor-element-7dab0708 elementor-widget elementor-widget-image\" data-id=\"7dab0708\" data-element_type=\"widget\" data-widget_type=\"image.default\">\n<div class=\"elementor-widget-container\">\n<div class=\"elementor-image\">\n\t\t\t\t\t\t\t\t\t\t<img decoding=\"async\" src=\"https:\/\/elogie-siemp.paris\/planclimat\/wp-content\/uploads\/elementor\/thumbs\/action3-rch6ed0g9acdgzrjhij44cky4n8bzmkxphqjfekang.jpg\" title=\"action3\" alt=\"action3\" \/>\t\t\t\t\t\t\t\t\t\t\t<\/div>\n<\/p><\/div>\n<\/p><\/div>\n<\/p><\/div>\n<\/p><\/div>\n<\/p><\/div>\n<div class=\"elementor-column elementor-col-50 elementor-top-column elementor-element elementor-element-7034fc0\" data-id=\"7034fc0\" data-element_type=\"column\">\n<div class=\"elementor-column-wrap elementor-element-populated\">\n<div class=\"elementor-widget-wrap\">\n<div class=\"elementor-element elementor-element-10647ceb elementor-widget elementor-widget-image\" data-id=\"10647ceb\" data-element_type=\"widget\" data-widget_type=\"image.default\">\n<div class=\"elementor-widget-container\">\n<div class=\"elementor-image\">\n\t\t\t\t\t\t\t\t\t\t<img decoding=\"async\" src=\"https:\/\/planclimat.elogie-siemp.paris\/wp-content\/uploads\/2020\/06\/hidden.png\" title=\"\" alt=\"\" \/>\t\t\t\t\t\t\t\t\t\t\t<\/div>\n<\/p><\/div>\n<\/p><\/div>\n<\/p><\/div>\n<\/p><\/div>\n<\/p><\/div>\n<\/p><\/div>\n<\/p><\/div>\n<\/section>\n<section class=\"elementor-section elementor-top-section elementor-element elementor-element-289fb3a3 elementor-section-full_width elementor-section-height-default elementor-section-height-default\" data-id=\"289fb3a3\" data-element_type=\"section\">\n<div class=\"elementor-container elementor-column-gap-default\">\n<div class=\"elementor-row\">\n<div class=\"elementor-column elementor-col-50 elementor-top-column elementor-element elementor-element-1f1c07df\" data-id=\"1f1c07df\" data-element_type=\"column\">\n<div class=\"elementor-column-wrap\">\n<div class=\"elementor-widget-wrap\">\n\t\t\t\t\t\t\t\t<\/div>\n<\/p><\/div>\n<\/p><\/div>\n<div class=\"elementor-column elementor-col-50 elementor-top-column elementor-element elementor-element-c41a4d8\" data-id=\"c41a4d8\" data-element_type=\"column\">\n<div class=\"elementor-column-wrap elementor-element-populated\">\n<div class=\"elementor-widget-wrap\">\n<div class=\"elementor-element elementor-element-bde9ca8 elementor-widget elementor-widget-text-editor\" data-id=\"bde9ca8\" data-element_type=\"widget\" data-widget_type=\"text-editor.default\">\n<div class=\"elementor-widget-container\">\n<div class=\"elementor-text-editor elementor-clearfix\">\n<p><span style=\"font-weight: bold;\">\u00a0<\/span><\/p>\n<p><span style=\"font-size: 1rem; font-weight: bold;\">Les ambitions relatives aux consommations d\u2019\u00e9nergies et aux \u00e9missions de gaz \u00e0 effet de serre ne suffisent pas \u00e0 construire un\u00a0<span style=\"font-size: 1rem;\">Plan Climat.\u00a0<\/span><\/span><span style=\"font-size: 1rem;\">Elles doivent \u00eatre compl\u00e9t\u00e9es par des actions, probablement moins faciles \u00e0 quantifier, destin\u00e9es \u00e0 pr\u00e9server notre\u00a0<\/span><span style=\"font-size: 1rem;\">environnement.<\/span><\/p>\n<p>\u00a0<\/p>\n<\/div><\/div>\n<\/p><\/div>\n<\/p><\/div>\n<\/p><\/div>\n<\/p><\/div>\n<\/p><\/div>\n<\/p><\/div>\n<\/section>\n<section class=\"elementor-section elementor-top-section elementor-element elementor-element-dc88796 elementor-section-full_width columns2_2-2 elementor-section-height-default elementor-section-height-default\" data-id=\"dc88796\" data-element_type=\"section\">\n<div class=\"elementor-container elementor-column-gap-default\">\n<div class=\"elementor-row\">\n<div class=\"elementor-column elementor-col-50 elementor-top-column elementor-element elementor-element-748c97e3\" data-id=\"748c97e3\" data-element_type=\"column\">\n<div class=\"elementor-column-wrap elementor-element-populated\">\n<div class=\"elementor-widget-wrap\">\n<div class=\"elementor-element elementor-element-423bb369 elementor-widget elementor-widget-heading\" data-id=\"423bb369\" data-element_type=\"widget\" data-widget_type=\"heading.default\">\n<div class=\"elementor-widget-container\">\n<h2 class=\"elementor-heading-title elementor-size-default\">Am\u00e9liorer<br\/><span>le confort int\u00e9rieur<\/span><\/h2>\n<\/p><\/div>\n<\/p><\/div>\n<div class=\"elementor-element elementor-element-171c8fd elementor-widget elementor-widget-heading\" data-id=\"171c8fd\" data-element_type=\"widget\" data-widget_type=\"heading.default\">\n<div class=\"elementor-widget-container\">\n<h3 class=\"elementor-heading-title elementor-size-default\">R\u00e9duire la pollution de l'air<\/h3>\n<\/p><\/div>\n<\/p><\/div>\n<div class=\"elementor-element elementor-element-36383c69 elementor-widget elementor-widget-text-editor\" data-id=\"36383c69\" data-element_type=\"widget\" data-widget_type=\"text-editor.default\">\n<div class=\"elementor-widget-container\">\n<div class=\"elementor-text-editor elementor-clearfix\">\n<p>La pollution de l\u2019air int\u00e9rieur a principalement pour origine le logement lui-m\u00eame : compos\u00e9s organiques volatiles issus du mobilier, des produits d\u2019entretiens, produits de combustion (cigarettes, bougies, encens\u2026), moisissures en cas de ventilation insuffisante du logement. La plupart de ces polluants peuvent \u00eatre \u00e9vacu\u00e9s simplement par une ventilation adapt\u00e9e, qu\u2019elle soit naturelle ou m\u00e9canique.<\/p>\n<p>Elogie-Siemp \u00e9laborera&nbsp;<span style=\"font-weight: bold;\">un plan ventilation<\/span>&nbsp;afin de mettre \u00e0 niveau l\u2019ensemble des logements. Il sera pr\u00e9c\u00e9d\u00e9&nbsp;<span style=\"font-weight: bold;\">d\u2019une \u00e9tude du patrimoine<\/span>, qui permettra de d\u00e9finir un calendrier&nbsp; de&nbsp;<span style=\"font-weight: bold;\">g\u00e9n\u00e9ralisation des ventilations et de v\u00e9rification de leur efficacit\u00e9<\/span> (avec la mise en oeuvre d\u2019un engagement de performance avec les exploitants des installations).<\/p>\n<div>&nbsp;<\/div>\n<\/div><\/div>\n<\/p><\/div>\n<\/p><\/div>\n<\/p><\/div>\n<\/p><\/div>\n<div class=\"elementor-column elementor-col-50 elementor-top-column elementor-element elementor-element-c6adb82 rounded_bg\" data-id=\"c6adb82\" data-element_type=\"column\" data-settings=\"{&quot;background_background&quot;:&quot;classic&quot;}\">\n<div class=\"elementor-column-wrap elementor-element-populated\">\n<div class=\"elementor-widget-wrap\">\n<div class=\"elementor-element elementor-element-a981fe9 elementor-view-default elementor-widget elementor-widget-icon\" data-id=\"a981fe9\" data-element_type=\"widget\" data-widget_type=\"icon.default\">\n<div class=\"elementor-widget-container\">\n<div class=\"elementor-icon-wrapper\">\n<div class=\"elementor-icon\">\n\t\t\t<svg xmlns=\"http:\/\/www.w3.org\/2000\/svg\" width=\"143\" height=\"100\" viewBox=\"0 0 143.583 100.3776\"><title>picto_coeur<\/title><g id=\"bdf59306-c782-4515-b455-25f8724e000b\" data-name=\"Calque 2\"><g id=\"eb0a8082-1da9-448c-81c1-2af983983503\" data-name=\"Groupe 1954\"><path id=\"a0141186-d284-4b28-b08b-0376abb982bd\" data-name=\"Trac&#xE9; 5158\" d=\"M57.376,66.3276c.222-.393.45-.784.664-1.18q5.3441-9.91,10.688-19.815a2.4269,2.4269,0,0,1,2.708-1.217,2.4789,2.4789,0,0,1,1.83,2c.556,3.189,1.137,6.3729,1.682,9.5629.5,2.9191.955,5.843,1.451,8.762.444,2.594.935,5.179,1.382,7.773.5,2.8931.969,5.792,1.459,8.688.348,2.052.713,4.1,1.191,6.168.4-1.3.815-2.594,1.206-3.893q2.9331-9.774,5.86-19.547,3.9-12.984,7.821-25.966,3.01-10,6.017-20,2.385-7.9,4.777-15.785a2.433,2.433,0,0,1,4.634-.333c4.452,9.218,8.881,18.45,13.365,27.653a2.531,2.531,0,0,1-.9524,3.45q-.059.0335-.12.0636a2.45,2.45,0,0,1-3.184-1.134c-1.7439-3.58-3.466-7.168-5.2-10.754-1.855-3.836-3.708-7.673-5.643-11.677-.274.855-.513,1.559-.727,2.272q-2.835,9.4-5.663,18.809-4.083,13.587-8.163,27.18T86.268,84.5646q-2.0859,6.9219-4.176,13.849a2.3759,2.3759,0,0,1-2.7522,1.9276q-.0451-.008-.09-.0176a2.4781,2.4781,0,0,1-2.015-2.3c-.336-2.115-.744-4.218-1.1-6.33-.4-2.343-.767-4.692-1.169-7.032s-.829-4.68-1.234-7.02c-.353-2.044-.693-4.087-1.037-6.134-.4-2.343-.787-4.689-1.188-7.034-.311-1.813-.63-3.626-.946-5.438-.285-1.636-.567-3.275-1.018-4.931l-1.559,2.89q-4.951,9.1579-9.9,18.319a2.4179,2.4179,0,0,1-2.765,1.245,2.48,2.48,0,0,1-1.833-2.086c-.43-3.124-.844-6.251-1.291-9.372-.453-3.144-.955-6.279-1.405-9.423-.359-2.488-.667-4.988-1.012-7.479q-.483-3.493-1-6.98c-.037-.248-.125-.49-.219-.855-.143.265-.257.45-.345.647q-3.8479,8.6619-7.7,17.324c-.305.684-.639,1.357-.932,2.047a2.4141,2.4141,0,0,1-2.4,1.513q-17.2511.026-34.5-.009A2.434,2.434,0,0,1,.0127,59.7123Q0,59.5923,0,59.4716a2.5,2.5,0,0,1,1.767-2.377,7.461,7.461,0,0,1,1.534-.162q15.9-.013,31.8.009a.9171.9171,0,0,0,.995-.636q3.561-8.093,7.16-16.178,2.121-4.7841,4.258-9.563a2.5269,2.5269,0,0,1,2.745-1.528,2.376,2.376,0,0,1,1.941,2.2c.385,2.656.753,5.316,1.143,7.975.413,2.79.861,5.578,1.263,8.371.314,2.166.562,4.344.872,6.51.356,2.485.761,4.965,1.123,7.451.231,1.579.419,3.164.627,4.746Z\" style=\"fill:#fff\"><\/path><path id=\"a297287b-41d1-497a-a635-31fefaafb0c7\" data-name=\"Trac&#xE9; 5159\" d=\"M125.624,75.8476c-3.409-3.392-6.769-6.732-10.127-10.079-1.511-1.5-2.99-3.041-4.521-4.529a10.8747,10.8747,0,0,1-3.377-6.342,11.2562,11.2562,0,0,1,3.124-10.013,8.7411,8.7411,0,0,1,7.376-2.6,8.1695,8.1695,0,0,1,4.2,2.135c1.129.926,2.2,1.927,3.164,2.779,1.65-1.2709,3.261-2.6159,4.979-3.811,3.366-2.34,7.944-.821,10.193,1.67a11.5,11.5,0,0,1,2.944,7.813,11.1409,11.1409,0,0,1-3.489,8.4q-6.943,6.9821-13.906,13.949C125.978,75.4255,125.801,75.6476,125.624,75.8476Z\" style=\"fill:#fff\"><\/path><\/g><\/g><\/svg>\t\t\t<\/div>\n<\/p><\/div>\n<\/p><\/div>\n<\/p><\/div>\n<div class=\"elementor-element elementor-element-317972f5 color-white elementor-widget elementor-widget-heading\" data-id=\"317972f5\" data-element_type=\"widget\" data-widget_type=\"heading.default\">\n<div class=\"elementor-widget-container\">\n<h2 class=\"elementor-heading-title elementor-size-default\">Nos principales actions<\/h2>\n<\/p><\/div>\n<\/p><\/div>\n<div class=\"elementor-element elementor-element-6b6fda0d elementor-widget elementor-widget-text-editor\" data-id=\"6b6fda0d\" data-element_type=\"widget\" data-widget_type=\"text-editor.default\">\n<div class=\"elementor-widget-container\">\n<div class=\"elementor-text-editor elementor-clearfix\">\n<p>Notre environnement privatif<br \/>DANS LES LOGEMENTS :<\/p>\n<ul>\n<li>Am\u00e9liorer la qualit\u00e9 des environnements int\u00e9rieurs en limitant les polluants.<\/li>\n<li>Poursuivre notre d\u00e9marche de pr\u00e9caution par rapport \u00e0 l\u2019amiante &amp; le plomb.<\/li>\n<li>Veiller \u00e0 la qualit\u00e9 de l\u2019air en fin de chantier.<\/li>\n<li>Prot\u00e9ger contre les bruits (ext\u00e9rieur, int\u00e9rieur, \u00e9quipements\u2026).<\/li>\n<\/ul>\n<\/div><\/div>\n<\/p><\/div>\n<\/p><\/div>\n<\/p><\/div>\n<\/p><\/div>\n<\/p><\/div>\n<\/p><\/div>\n<\/section>\n<section class=\"elementor-section elementor-top-section elementor-element elementor-element-6ada7c3 elementor-section-full_width columns2_1-3 elementor-section-height-default elementor-section-height-default\" data-id=\"6ada7c3\" data-element_type=\"section\">\n<div class=\"elementor-container elementor-column-gap-default\">\n<div class=\"elementor-row\">\n<div class=\"elementor-column elementor-col-100 elementor-top-column elementor-element elementor-element-3c6aa3a\" data-id=\"3c6aa3a\" data-element_type=\"column\">\n<div class=\"elementor-column-wrap elementor-element-populated\">\n<div class=\"elementor-widget-wrap\">\n<section class=\"elementor-section elementor-inner-section elementor-element elementor-element-769151cf elementor-section-full_width elementor-section-height-default elementor-section-height-default\" data-id=\"769151cf\" data-element_type=\"section\">\n<div class=\"elementor-container elementor-column-gap-default\">\n<div class=\"elementor-row\">\n<div class=\"elementor-column elementor-col-50 elementor-inner-column elementor-element elementor-element-24112884\" data-id=\"24112884\" data-element_type=\"column\">\n<div class=\"elementor-column-wrap elementor-element-populated\">\n<div class=\"elementor-widget-wrap\">\n<div class=\"elementor-element elementor-element-64399597 elementor-widget elementor-widget-heading\" data-id=\"64399597\" data-element_type=\"widget\" data-widget_type=\"heading.default\">\n<div class=\"elementor-widget-container\">\n<h3 class=\"elementor-heading-title elementor-size-default\">AM\u00c9LIORER LA QUALIT\u00c9 DES ENVIRONNEMENTS INT\u00c9RIEURS<\/h3>\n<\/p><\/div>\n<\/p><\/div>\n<div class=\"elementor-element elementor-element-23aef6d elementor-widget elementor-widget-text-editor\" data-id=\"23aef6d\" data-element_type=\"widget\" data-widget_type=\"text-editor.default\">\n<div class=\"elementor-widget-container\">\n<div class=\"elementor-text-editor elementor-clearfix\">\n<div>L\u2019information des locataires sur les polluants int\u00e9rieurs li\u00e9s aux produits de consommation sera renforc\u00e9e.<\/div>\n<\/div><\/div>\n<\/p><\/div>\n<\/p><\/div>\n<\/p><\/div>\n<\/p><\/div>\n<div class=\"elementor-column elementor-col-50 elementor-inner-column elementor-element elementor-element-72c3abd6\" data-id=\"72c3abd6\" data-element_type=\"column\">\n<div class=\"elementor-column-wrap elementor-element-populated\">\n<div class=\"elementor-widget-wrap\">\n<div class=\"elementor-element elementor-element-978d95 elementor-widget elementor-widget-text-editor\" data-id=\"978d95\" data-element_type=\"widget\" data-widget_type=\"text-editor.default\">\n<div class=\"elementor-widget-container\">\n<div class=\"elementor-text-editor elementor-clearfix\">\n<p>Une partie de la qualit\u00e9 de l\u2019air int\u00e9rieur peut \u00eatre am\u00e9lior\u00e9e par des mesures techniques. Elogie-Siemp&nbsp;<span style=\"font-weight: bold;\">d\u00e9veloppera l\u2019emploi de mat\u00e9riaux perspirants<\/span>&nbsp;dans les op\u00e9rations de r\u00e9habilitation comme de construction, qui, en am\u00e9liorant la gestion de l\u2019humidit\u00e9 dans les logements, permettent d\u2019\u00e9viter les probl\u00e8mes de condensation ou de moisissures.<br>L\u2019exp\u00e9rimentation en cours sur&nbsp;<span style=\"font-weight: bold;\">la correction thermique des parois<\/span>&nbsp;dans les logements r\u00e9habilit\u00e9s en milieu occup\u00e9s, notamment dans les <span class='tooltipsall tooltipsincontent classtoolTips12'>HBM<\/span>, sera poursuivie (et alimentera les \u00e9tudes de l\u2019 <span class='tooltipsall tooltipsincontent classtoolTips5'>APUR<\/span>): dans ces logements, o\u00f9 l\u2019isolation par l\u2019ext\u00e9rieur est limit\u00e9e par la n\u00e9cessaire pr\u00e9servation du patrimoine architectural, le d\u00e9fi consiste \u00e0 trouver des solutions pour am\u00e9liorer le confort thermique li\u00e9 aux parois froides, sans r\u00e9duire les surfaces int\u00e9rieures des pi\u00e8ces.<\/p>\n<\/div><\/div>\n<\/p><\/div>\n<\/p><\/div>\n<\/p><\/div>\n<\/p><\/div>\n<\/p><\/div>\n<\/p><\/div>\n<\/section><\/div>\n<\/p><\/div>\n<\/p><\/div>\n<\/p><\/div>\n<\/p><\/div>\n<\/section>\n<section class=\"elementor-section elementor-top-section elementor-element elementor-element-26ed8a37 elementor-section-full_width columns2_1-3 elementor-section-height-default elementor-section-height-default\" data-id=\"26ed8a37\" data-element_type=\"section\">\n<div class=\"elementor-container elementor-column-gap-default\">\n<div class=\"elementor-row\">\n<div class=\"elementor-column elementor-col-100 elementor-top-column elementor-element elementor-element-10e51b53\" data-id=\"10e51b53\" data-element_type=\"column\">\n<div class=\"elementor-column-wrap elementor-element-populated\">\n<div class=\"elementor-widget-wrap\">\n<section class=\"elementor-section elementor-inner-section elementor-element elementor-element-76213e32 elementor-section-full_width columns2_images__item1 elementor-section-height-default elementor-section-height-default\" data-id=\"76213e32\" data-element_type=\"section\">\n<div class=\"elementor-container elementor-column-gap-default\">\n<div class=\"elementor-row\">\n<div class=\"elementor-column elementor-col-50 elementor-inner-column elementor-element elementor-element-5cc37f72\" data-id=\"5cc37f72\" data-element_type=\"column\">\n<div class=\"elementor-column-wrap elementor-element-populated\">\n<div class=\"elementor-widget-wrap\">\n<div class=\"elementor-element elementor-element-d196b9 elementor-widget elementor-widget-image\" data-id=\"d196b9\" data-element_type=\"widget\" data-widget_type=\"image.default\">\n<div class=\"elementor-widget-container\">\n<div class=\"elementor-image\">\n\t\t\t\t\t\t\t\t\t\t<img decoding=\"async\" src=\"https:\/\/elogie-siemp.paris\/planclimat\/wp-content\/uploads\/elementor\/thumbs\/maitriser32-2-rch2j2bjnz2v7duejgql6dkfus5w4519xqym6xy198.jpg\" title=\"maitriser32-2\" alt=\"maitriser32-2\" \/>\t\t\t\t\t\t\t\t\t\t\t<\/div>\n<\/p><\/div>\n<\/p><\/div>\n<\/p><\/div>\n<\/p><\/div>\n<\/p><\/div>\n<div class=\"elementor-column elementor-col-50 elementor-inner-column elementor-element elementor-element-47d7257\" data-id=\"47d7257\" data-element_type=\"column\">\n<div class=\"elementor-column-wrap elementor-element-populated\">\n<div class=\"elementor-widget-wrap\">\n<div class=\"elementor-element elementor-element-333e0ec5 elementor-widget elementor-widget-heading\" data-id=\"333e0ec5\" data-element_type=\"widget\" data-widget_type=\"heading.default\">\n<div class=\"elementor-widget-container\">\n<h3 class=\"elementor-heading-title elementor-size-default\">G\u00e9rer la pr\u00e9sence de l'amiante et du plomb<\/h3>\n<\/p><\/div>\n<\/p><\/div>\n<div class=\"elementor-element elementor-element-1ec04a88 elementor-widget elementor-widget-text-editor\" data-id=\"1ec04a88\" data-element_type=\"widget\" data-widget_type=\"text-editor.default\">\n<div class=\"elementor-widget-container\">\n<div class=\"elementor-text-editor elementor-clearfix\">\n<p>\u00a0<\/p>\n<p>Ces deux polluants sont pr\u00e9sents dans une partie du parc, celui construit avant 1997 pour l\u2019amiante et celui construit avant 1948 pour le\u00a0plomb.\u00a0Elogie-Siemp\u00a0est engag\u00e9e depuis longtemps dans la protection vis-\u00e0-vis du plomb et de l\u2019amiante : elle r\u00e9alise les diagnostics\u00a0n\u00e9cessaires et travaille, lors de chaque intervention technique et de chaque r\u00e9habilitation, \u00e0 la mise en s\u00e9curit\u00e9 des logements.<\/p>\n<p>\u00a0<\/p>\n<p><b>L\u2019objectif est de\u00a0traiter ces mat\u00e9riaux d\u00e8s qu\u2019il y a des travaux, par leur retrait quand c\u2019est possible, et par leur encloisonnement ou\u00a0leur encapsulage, dans le respect de la sant\u00e9 des travailleurs appel\u00e9s \u00e0 intervenir sur ces chantiers.<\/b><\/p>\n<\/div><\/div>\n<\/p><\/div>\n<\/p><\/div>\n<\/p><\/div>\n<\/p><\/div>\n<\/p><\/div>\n<\/p><\/div>\n<\/section><\/div>\n<\/p><\/div>\n<\/p><\/div>\n<\/p><\/div>\n<\/p><\/div>\n<\/section>\n<section class=\"elementor-section elementor-top-section elementor-element elementor-element-26083a3e elementor-section-full_width elementor-section-content-middle elementor-section-height-default elementor-section-height-default\" data-id=\"26083a3e\" data-element_type=\"section\">\n<div class=\"elementor-container elementor-column-gap-default\">\n<div class=\"elementor-row\">\n<div class=\"elementor-column elementor-col-100 elementor-top-column elementor-element elementor-element-76d75485\" data-id=\"76d75485\" data-element_type=\"column\">\n<div class=\"elementor-column-wrap elementor-element-populated\">\n<div class=\"elementor-widget-wrap\">\n<section class=\"elementor-section elementor-inner-section elementor-element elementor-element-18bd759b elementor-section-full_width elementor-section-height-default elementor-section-height-default\" data-id=\"18bd759b\" data-element_type=\"section\">\n<div class=\"elementor-container elementor-column-gap-default\">\n<div class=\"elementor-row\">\n<div class=\"elementor-column elementor-col-50 elementor-inner-column elementor-element elementor-element-5e567ea6\" data-id=\"5e567ea6\" data-element_type=\"column\">\n<div class=\"elementor-column-wrap elementor-element-populated\">\n<div class=\"elementor-widget-wrap\">\n<div class=\"elementor-element elementor-element-d9de6ce elementor-widget elementor-widget-heading\" data-id=\"d9de6ce\" data-element_type=\"widget\" data-widget_type=\"heading.default\">\n<div class=\"elementor-widget-container\">\n<h3 class=\"elementor-heading-title elementor-size-default\">LIMITER LES POLLUTIONS LI\u00c9ES AUX TRAVAUX<\/h3>\n<\/p><\/div>\n<\/p><\/div>\n<div class=\"elementor-element elementor-element-392e2d49 elementor-widget elementor-widget-text-editor\" data-id=\"392e2d49\" data-element_type=\"widget\" data-widget_type=\"text-editor.default\">\n<div class=\"elementor-widget-container\">\n<div class=\"elementor-text-editor elementor-clearfix\">\n<p>Afin de lutter contre les pollutions issues des mat\u00e9riaux neufs utilis\u00e9s dans les constructions ou les r\u00e9habilitations, Elogie-Siemp renforcera ses exigences dans les cahiers des charges :<\/p>\n<ul>\n<li>Recherche de mat\u00e9riaux peu polluants (en lien avec la d\u00e9marche \u00e9voqu\u00e9e plus haut sur les mat\u00e9riaux bas-carbone ou biosourc\u00e9s),<\/li>\n<li>Demande d\u2019\u00e9tiquettes A+ sur l\u2019ensemble des mat\u00e9riaux int\u00e9rieurs (peintures, rev\u00eatements de sols\u2026) pour r\u00e9duire les \u00e9missions\u00a0de Compos\u00e9s Organiques Volatiles des mat\u00e9riaux de construction dans les logements,<\/li>\n<li>Mise en place de phases de surventilation des logements apr\u00e8s les travaux.<\/li>\n<\/ul>\n<\/div><\/div>\n<\/p><\/div>\n<\/p><\/div>\n<\/p><\/div>\n<\/p><\/div>\n<div class=\"elementor-column elementor-col-50 elementor-inner-column elementor-element elementor-element-342f88d0\" data-id=\"342f88d0\" data-element_type=\"column\">\n<div class=\"elementor-column-wrap elementor-element-populated\">\n<div class=\"elementor-widget-wrap\">\n<div class=\"elementor-element elementor-element-31512ce elementor-widget elementor-widget-image\" data-id=\"31512ce\" data-element_type=\"widget\" data-widget_type=\"image.default\">\n<div class=\"elementor-widget-container\">\n<div class=\"elementor-image\">\n\t\t\t\t\t\t\t\t\t\t<img loading=\"lazy\" decoding=\"async\" width=\"1000\" height=\"717\" src=\"https:\/\/elogie-siemp.paris\/planclimat\/wp-content\/uploads\/2025\/09\/fleur-1000x717.jpg\" class=\"attachment-custom-medium3 size-custom-medium3\" alt=\"\" \/>\t\t\t\t\t\t\t\t\t\t\t<\/div>\n<\/p><\/div>\n<\/p><\/div>\n<\/p><\/div>\n<\/p><\/div>\n<\/p><\/div>\n<\/p><\/div>\n<\/p><\/div>\n<\/section><\/div>\n<\/p><\/div>\n<\/p><\/div>\n<\/p><\/div>\n<\/p><\/div>\n<\/section>\n<section class=\"elementor-section elementor-top-section elementor-element elementor-element-7cf0d305 elementor-section-full_width columns2_1-3 elementor-section-content-space-evenly elementor-section-height-default elementor-section-height-default\" data-id=\"7cf0d305\" data-element_type=\"section\">\n<div class=\"elementor-container elementor-column-gap-default\">\n<div class=\"elementor-row\">\n<div class=\"elementor-column elementor-col-100 elementor-top-column elementor-element elementor-element-52cdb5c\" data-id=\"52cdb5c\" data-element_type=\"column\">\n<div class=\"elementor-column-wrap elementor-element-populated\">\n<div class=\"elementor-widget-wrap\">\n<section class=\"elementor-section elementor-inner-section elementor-element elementor-element-774fbd37 elementor-section-full_width elementor-section-height-default elementor-section-height-default\" data-id=\"774fbd37\" data-element_type=\"section\">\n<div class=\"elementor-container elementor-column-gap-no\">\n<div class=\"elementor-row\">\n<div class=\"elementor-column elementor-col-50 elementor-inner-column elementor-element elementor-element-45d99827 pl-3 ml-5 pr-5 mr-5\" data-id=\"45d99827\" data-element_type=\"column\">\n<div class=\"elementor-column-wrap elementor-element-populated\">\n<div class=\"elementor-widget-wrap\">\n<div class=\"elementor-element elementor-element-2cd24150 elementor-widget elementor-widget-heading\" data-id=\"2cd24150\" data-element_type=\"widget\" data-widget_type=\"heading.default\">\n<div class=\"elementor-widget-container\">\n<h3 class=\"elementor-heading-title elementor-size-default\">Prot\u00e9ger contre le bruit<\/h3>\n<\/p><\/div>\n<\/p><\/div>\n<div class=\"elementor-element elementor-element-2adce51 elementor-widget elementor-widget-text-editor\" data-id=\"2adce51\" data-element_type=\"widget\" data-widget_type=\"text-editor.default\">\n<div class=\"elementor-widget-container\">\n<div class=\"elementor-text-editor elementor-clearfix\">\n<p>Une cartographie des b\u00e2timents situ\u00e9s \u00e0 proximit\u00e9s des infrastructures de transports sera \u00e9tablie, afin\u00a0<strong>d\u2019identifier les logements les\u00a0<\/strong><strong>plus expos\u00e9s au bruit de la circulation<\/strong>\u00a0et de s\u2019assurer qu\u2019ils disposent d\u2019entr\u00e9es d\u2019air acoustiques fonctionnelles.<\/p>\n<p>Elogie-Siemp poursuivra sa politique de remplacement des menuiseries ext\u00e9rieures avec l\u2019objectif d\u2019\u00e9radiquer le simple vitrage pour apporter une am\u00e9lioration acoustique et thermique, autant que possible avant 2030 (dans certains immeubles anciens, les questions patrimoniales peuvent cependant \u00eatre un obstacle \u00e0 la mise en place du double vitrage).<\/p>\n<p>S\u2019agissant du bruit int\u00e9rieur, lors des r\u00e9habilitations globales, Elogie-Siemp veillera \u00e0 retenir des menuiseries ext\u00e9rieures adapt\u00e9es dans une approche globale et \u00e9quilibr\u00e9e : les menuiseries ext\u00e9rieures trop performantes augmentent la perception des bruits int\u00e9rieurs.<\/p>\n<p>Enfin Elogie-Siemp continuera d\u2019accompagner les personnes souffrant d\u2019hyperacousie, pour lesquelles le traitement technique du bruit ne suffit pas, en les orientant vers des dispositifs ad\u00e9quats.<\/p>\n<\/div><\/div>\n<\/p><\/div>\n<\/p><\/div>\n<\/p><\/div>\n<\/p><\/div>\n<div class=\"elementor-column elementor-col-50 elementor-inner-column elementor-element elementor-element-34cb0859\" data-id=\"34cb0859\" data-element_type=\"column\">\n<div class=\"elementor-column-wrap elementor-element-populated\">\n<div class=\"elementor-widget-wrap\">\n<div class=\"elementor-element elementor-element-3cb47985 elementor-widget elementor-widget-heading\" data-id=\"3cb47985\" data-element_type=\"widget\" data-widget_type=\"heading.default\">\n<div class=\"elementor-widget-container\">\n<h3 class=\"elementor-heading-title elementor-size-default\">Pollution des sols<\/h3>\n<\/p><\/div>\n<\/p><\/div>\n<div class=\"elementor-element elementor-element-19113924 elementor-widget elementor-widget-text-editor\" data-id=\"19113924\" data-element_type=\"widget\" data-widget_type=\"text-editor.default\">\n<div class=\"elementor-widget-container\">\n<div class=\"elementor-text-editor elementor-clearfix\">\n<div >\n<p>Parce que les sols urbains ont connu de multiples occupations, ils peuvent avoir \u00e9t\u00e9 contamin\u00e9s au cours de leur histoire.<\/p>\n<p>Elogie-Siemp mesurera la qualit\u00e9 des sols et \u00e9tudiera leur pollution au moment de la cr\u00e9ation d\u2019espaces destin\u00e9s au jardinage.<\/p>\n<\/div>\n<\/div><\/div>\n<\/p><\/div>\n<\/p><\/div>\n<\/p><\/div>\n<\/p><\/div>\n<\/p><\/div>\n<\/p><\/div>\n<\/section><\/div>\n<\/p><\/div>\n<\/p><\/div>\n<\/p><\/div>\n<\/p><\/div>\n<\/section>\n<section class=\"elementor-section elementor-top-section elementor-element elementor-element-3f2bfa0 elementor-section-full_width elementor-section-content-middle elementor-section-height-default elementor-section-height-default\" data-id=\"3f2bfa0\" data-element_type=\"section\">\n<div class=\"elementor-container elementor-column-gap-default\">\n<div class=\"elementor-row\">\n<div class=\"elementor-column elementor-col-50 elementor-top-column elementor-element elementor-element-5a3a85c5\" data-id=\"5a3a85c5\" data-element_type=\"column\">\n<div class=\"elementor-column-wrap elementor-element-populated\">\n<div class=\"elementor-widget-wrap\">\n<div class=\"elementor-element elementor-element-2693f621 elementor-widget elementor-widget-heading\" data-id=\"2693f621\" data-element_type=\"widget\" data-widget_type=\"heading.default\">\n<div class=\"elementor-widget-container\">\n<h2 class=\"elementor-heading-title elementor-size-default\">Ma\u00eetriser<br\/><span>la consommation d'eau<\/span><\/h2>\n<\/p><\/div>\n<\/p><\/div>\n<\/p><\/div>\n<\/p><\/div>\n<\/p><\/div>\n<div class=\"elementor-column elementor-col-50 elementor-top-column elementor-element elementor-element-c4da7b7\" data-id=\"c4da7b7\" data-element_type=\"column\">\n<div class=\"elementor-column-wrap elementor-element-populated\">\n<div class=\"elementor-widget-wrap\">\n<div class=\"elementor-element elementor-element-8172a69 elementor-widget elementor-widget-text-editor\" data-id=\"8172a69\" data-element_type=\"widget\" data-widget_type=\"text-editor.default\">\n<div class=\"elementor-widget-container\">\n<div class=\"elementor-text-editor elementor-clearfix\">\n<div>Notre effort pour le climat et la protection de notre environnement ne s\u2019arr\u00eate pas sur le seuil de nos logements\u00a0ou de nos immeubles.<\/div>\n<\/div><\/div>\n<\/p><\/div>\n<\/p><\/div>\n<\/p><\/div>\n<\/p><\/div>\n<\/p><\/div>\n<\/p><\/div>\n<\/section>\n<section class=\"elementor-section elementor-top-section elementor-element elementor-element-1d3b3b4a elementor-section-boxed elementor-section-height-default elementor-section-height-default\" data-id=\"1d3b3b4a\" data-element_type=\"section\">\n<div class=\"elementor-container elementor-column-gap-default\">\n<div class=\"elementor-row\">\n<div class=\"elementor-column elementor-col-100 elementor-top-column elementor-element elementor-element-6377f925\" data-id=\"6377f925\" data-element_type=\"column\">\n<div class=\"elementor-column-wrap elementor-element-populated\">\n<div class=\"elementor-widget-wrap\">\n<div class=\"elementor-element elementor-element-6a7cd9ea elementor-widget elementor-widget-image\" data-id=\"6a7cd9ea\" data-element_type=\"widget\" data-widget_type=\"image.default\">\n<div class=\"elementor-widget-container\">\n<div class=\"elementor-image\">\n\t\t\t\t\t\t\t\t\t\t<img loading=\"lazy\" decoding=\"async\" width=\"1536\" height=\"650\" src=\"https:\/\/elogie-siemp.paris\/planclimat\/wp-content\/uploads\/2025\/09\/planclimat_dataviz-1536x650.jpg\" class=\"attachment-1536x1536 size-1536x1536\" alt=\"\" srcset=\"https:\/\/elogie-siemp.paris\/planclimat\/wp-content\/uploads\/2025\/09\/planclimat_dataviz-1536x650.jpg 1536w, https:\/\/elogie-siemp.paris\/planclimat\/wp-content\/uploads\/2025\/09\/planclimat_dataviz-300x127.jpg 300w, https:\/\/elogie-siemp.paris\/planclimat\/wp-content\/uploads\/2025\/09\/planclimat_dataviz-1024x433.jpg 1024w, https:\/\/elogie-siemp.paris\/planclimat\/wp-content\/uploads\/2025\/09\/planclimat_dataviz-768x325.jpg 768w, https:\/\/elogie-siemp.paris\/planclimat\/wp-content\/uploads\/2025\/09\/planclimat_dataviz.jpg 1857w\" sizes=\"auto, (max-width: 1536px) 100vw, 1536px\" \/>\t\t\t\t\t\t\t\t\t\t\t<\/div>\n<\/p><\/div>\n<\/p><\/div>\n<\/p><\/div>\n<\/p><\/div>\n<\/p><\/div>\n<\/p><\/div>\n<\/p><\/div>\n<\/section>\n<section class=\"elementor-section elementor-top-section elementor-element elementor-element-1e6cb073 elementor-section-full_width columns2_1-3 elementor-section-height-default elementor-section-height-default\" data-id=\"1e6cb073\" data-element_type=\"section\">\n<div class=\"elementor-container elementor-column-gap-default\">\n<div class=\"elementor-row\">\n<div class=\"elementor-column elementor-col-100 elementor-top-column elementor-element elementor-element-7c7a3e20\" data-id=\"7c7a3e20\" data-element_type=\"column\">\n<div class=\"elementor-column-wrap elementor-element-populated\">\n<div class=\"elementor-widget-wrap\">\n<section class=\"elementor-section elementor-inner-section elementor-element elementor-element-16a16ca8 elementor-section-full_width elementor-section-height-default elementor-section-height-default\" data-id=\"16a16ca8\" data-element_type=\"section\">\n<div class=\"elementor-container elementor-column-gap-default\">\n<div class=\"elementor-row\">\n<div class=\"elementor-column elementor-col-50 elementor-inner-column elementor-element elementor-element-489db676\" data-id=\"489db676\" data-element_type=\"column\">\n<div class=\"elementor-column-wrap elementor-element-populated\">\n<div class=\"elementor-widget-wrap\">\n<div class=\"elementor-element elementor-element-5eb9cd08 elementor-widget elementor-widget-heading\" data-id=\"5eb9cd08\" data-element_type=\"widget\" data-widget_type=\"heading.default\">\n<div class=\"elementor-widget-container\">\n<h3 class=\"elementor-heading-title elementor-size-default\">R\u00c9DUIRE LA CONSOMMATION D'EAU POTABLE<\/h3>\n<\/p><\/div>\n<\/p><\/div>\n<div class=\"elementor-element elementor-element-104eea79 elementor-widget elementor-widget-text-editor\" data-id=\"104eea79\" data-element_type=\"widget\" data-widget_type=\"text-editor.default\">\n<div class=\"elementor-widget-container\">\n<div class=\"elementor-text-editor elementor-clearfix\">\n<div>\u00c0 100 litres par jour et par habitant<\/div>\n<p>La consommation moyenne d\u2019un habitant parisien est aujourd\u2019hui d\u2019environ 120 litres par jour et par personne contre 150 litres pour la moyenne nationale. Cette eau a \u00e9t\u00e9 pr\u00e9lev\u00e9e dans les milieux naturels et rendue potable gr\u00e2ce \u00e0 de lourds traitements.<\/p>\n<p>Elogie-Siemp se fixe pour objectif collectif de r\u00e9duire ces usages de l\u2019eau potable \u00e0 100 litres par habitant et par jour et pr\u00e9voit pour cela de d\u00e9ployer plusieurs moyens.<\/p><\/div>\n<\/p><\/div>\n<\/p><\/div>\n<\/p><\/div>\n<\/p><\/div>\n<\/p><\/div>\n<div class=\"elementor-column elementor-col-50 elementor-inner-column elementor-element elementor-element-2e38a8d5\" data-id=\"2e38a8d5\" data-element_type=\"column\">\n<div class=\"elementor-column-wrap elementor-element-populated\">\n<div class=\"elementor-widget-wrap\">\n<div class=\"elementor-element elementor-element-378617e7 elementor-widget elementor-widget-text-editor\" data-id=\"378617e7\" data-element_type=\"widget\" data-widget_type=\"text-editor.default\">\n<div class=\"elementor-widget-container\">\n<div class=\"elementor-text-editor elementor-clearfix\">\n<p><span style=\"font-size: 1rem; font-weight: bold;\">L\u2019installation d\u2019\u00e9quipements hydro-\u00e9conomes<\/span><span style=\"font-size: 1rem;\">\u00a0(limiteurs de d\u00e9bits, mousseurs, chasses d\u2019eau \u00e0 double d\u00e9bit\u2026) sera poursuivie\u00a0en veillant au suivi du vieillissement, \u00e0 l\u2019entretien et au remplacement de ces \u00e9quipements pour maintenir leurs performances.<\/span><\/p>\n<p><span style=\"font-weight: bold;\">La r\u00e9duction du nombre de baignoires<\/span>\u00a0sera acc\u00e9l\u00e9r\u00e9e : un bain consomme 2 \u00e0 4 fois plus d\u2019eau qu\u2019une douche (en fonction de la\u00a0dur\u00e9e de la douche) ! La politique de remplacement des baignoires par des douches pour les locataires qui le demandent pour\u00a0des raisons d\u2019accessibilit\u00e9 sera poursuivie et la pose de baignoires dans les logements neufs sera limit\u00e9e, dans un premier\u00a0temps, au logements T4 ou plus.<\/p>\n<div>\u00a0<\/div>\n<\/div><\/div>\n<\/p><\/div>\n<\/p><\/div>\n<\/p><\/div>\n<\/p><\/div>\n<\/p><\/div>\n<\/p><\/div>\n<\/section><\/div>\n<\/p><\/div>\n<\/p><\/div>\n<\/p><\/div>\n<\/p><\/div>\n<\/section>\n<section class=\"elementor-section elementor-top-section elementor-element elementor-element-1304c344 elementor-section-full_width columns2_1-3 elementor-section-height-default elementor-section-height-default\" data-id=\"1304c344\" data-element_type=\"section\">\n<div class=\"elementor-container elementor-column-gap-default\">\n<div class=\"elementor-row\">\n<div class=\"elementor-column elementor-col-100 elementor-top-column elementor-element elementor-element-1db8c923\" data-id=\"1db8c923\" data-element_type=\"column\">\n<div class=\"elementor-column-wrap elementor-element-populated\">\n<div class=\"elementor-widget-wrap\">\n<section class=\"elementor-section elementor-inner-section elementor-element elementor-element-6ce36b09 elementor-section-full_width elementor-section-height-default elementor-section-height-default\" data-id=\"6ce36b09\" data-element_type=\"section\">\n<div class=\"elementor-container elementor-column-gap-default\">\n<div class=\"elementor-row\">\n<div class=\"elementor-column elementor-col-50 elementor-inner-column elementor-element elementor-element-20604d35\" data-id=\"20604d35\" data-element_type=\"column\">\n<div class=\"elementor-column-wrap elementor-element-populated\">\n<div class=\"elementor-widget-wrap\">\n<div class=\"elementor-element elementor-element-12d24d15 elementor-widget elementor-widget-image\" data-id=\"12d24d15\" data-element_type=\"widget\" data-widget_type=\"image.default\">\n<div class=\"elementor-widget-container\">\n<div class=\"elementor-image\">\n\t\t\t\t\t\t\t\t\t\t<img loading=\"lazy\" decoding=\"async\" width=\"1000\" height=\"1000\" src=\"https:\/\/elogie-siemp.paris\/planclimat\/wp-content\/uploads\/2025\/09\/maitriser34-scaled-1-1000x1000.jpg\" class=\"attachment-custom-medium3 size-custom-medium3\" alt=\"\" srcset=\"https:\/\/elogie-siemp.paris\/planclimat\/wp-content\/uploads\/2025\/09\/maitriser34-scaled-1-1000x1000.jpg 1000w, https:\/\/elogie-siemp.paris\/planclimat\/wp-content\/uploads\/2025\/09\/maitriser34-scaled-1-150x150.jpg 150w\" sizes=\"auto, (max-width: 1000px) 100vw, 1000px\" \/>\t\t\t\t\t\t\t\t\t\t\t<\/div>\n<\/p><\/div>\n<\/p><\/div>\n<\/p><\/div>\n<\/p><\/div>\n<\/p><\/div>\n<div class=\"elementor-column elementor-col-50 elementor-inner-column elementor-element elementor-element-29f84299\" data-id=\"29f84299\" data-element_type=\"column\">\n<div class=\"elementor-column-wrap elementor-element-populated\">\n<div class=\"elementor-widget-wrap\">\n<div class=\"elementor-element elementor-element-4d0c79e6 elementor-widget elementor-widget-heading\" data-id=\"4d0c79e6\" data-element_type=\"widget\" data-widget_type=\"heading.default\">\n<div class=\"elementor-widget-container\">\n<h3 class=\"elementor-heading-title elementor-size-default\">FAIRE DE NOTRE PATRIMOINE UNE R\u00c9F\u00c9RENCE<br>EN MATI\u00c8RE D\u2019\u00c9CONOMIES D\u2019EAU<\/h3>\n<\/p><\/div>\n<\/p><\/div>\n<div class=\"elementor-element elementor-element-325f31a8 elementor-widget elementor-widget-text-editor\" data-id=\"325f31a8\" data-element_type=\"widget\" data-widget_type=\"text-editor.default\">\n<div class=\"elementor-widget-container\">\n<div class=\"elementor-text-editor elementor-clearfix\">\n<div>Donner aux locataires les moyens de r\u00e9duire leur consommation d\u2019eau.<\/div>\n<p><br\/>\nPour permettre aux habitants de mieux ma\u00eetriser leur consommation, il conviendra de d\u00e9velopper un service de suivi de consommation\u00a0<span style=\"font-size: 1rem;\">d\u2019eau : alerte fuites par SMS, information p\u00e9riodique sur les comptages individuels et comparaison avec les moyennes\u2026 <\/span>E<span style=\"font-size: 1rem;\">logie-Siemp\u00a0\u00e9tudiera la possibilit\u00e9 de promouvoir les plateformes de groupement d\u2019achat pour des \u00e9quipements \u00e9lectro-m\u00e9nagers plus \u00e9conomes\u00a0<\/span><span style=\"font-size: 1rem;\">afin que les locataires puissent acc\u00e9der, pour un co\u00fbt ma\u00eetris\u00e9, aux \u00e9quipements les moins consommateurs d\u2019eau et d\u2019\u00e9lectricit\u00e9.<\/span><\/div>\n<\/p><\/div>\n<\/p><\/div>\n<div class=\"elementor-element elementor-element-42f81cfa elementor-widget elementor-widget-heading\" data-id=\"42f81cfa\" data-element_type=\"widget\" data-widget_type=\"heading.default\">\n<div class=\"elementor-widget-container\">\n<h3 class=\"elementor-heading-title elementor-size-default\">TESTER L'EAU NON POTABLE<\/h3>\n<\/p><\/div>\n<\/p><\/div>\n<div class=\"elementor-element elementor-element-3c1a55f7 elementor-widget elementor-widget-text-editor\" data-id=\"3c1a55f7\" data-element_type=\"widget\" data-widget_type=\"text-editor.default\">\n<div class=\"elementor-widget-container\">\n<div class=\"elementor-text-editor elementor-clearfix\">\n<div>Pour les usages non sanitaires des parties communes puis des logements (op\u00e9ration PILOT pour 2030).<\/div>\n<p><br\/>\nElogie-Siemp \u00e9tudiera la possibilit\u00e9 de d\u00e9velopper l\u2019usage du r\u00e9seau d\u2019eau non potable de la Ville de Paris pour les usages\u00a0qui s\u2019y pr\u00eatent (arrosage, nettoyage des parties communes\u2026). Elle s\u2019efforcera de mettre en oeuvre une op\u00e9ration pilote qui\u00a0permettra un retour d\u2019exp\u00e9riences indispensable \u00e0 sa g\u00e9n\u00e9ralisation.<\/div>\n<\/p><\/div>\n<\/p><\/div>\n<\/p><\/div>\n<\/p><\/div>\n<\/p><\/div>\n<\/p><\/div>\n<\/p><\/div>\n<\/section><\/div>\n<\/p><\/div>\n<\/p><\/div>\n<\/p><\/div>\n<\/p><\/div>\n<\/section>\n<section class=\"elementor-section elementor-top-section elementor-element elementor-element-322d750f elementor-section-full_width columns2_2-2 elementor-section-height-default elementor-section-height-default\" data-id=\"322d750f\" data-element_type=\"section\">\n<div class=\"elementor-container elementor-column-gap-default\">\n<div class=\"elementor-row\">\n<div class=\"elementor-column elementor-col-50 elementor-top-column elementor-element elementor-element-16ca77fb\" data-id=\"16ca77fb\" data-element_type=\"column\">\n<div class=\"elementor-column-wrap elementor-element-populated\">\n<div class=\"elementor-widget-wrap\">\n<div class=\"elementor-element elementor-element-7128f1a7 elementor-widget elementor-widget-heading\" data-id=\"7128f1a7\" data-element_type=\"widget\" data-widget_type=\"heading.default\">\n<div class=\"elementor-widget-container\">\n<h3 class=\"elementor-heading-title elementor-size-default\">INT\u00c9GRER DANS LA MESURE DU POSSIBLE<br>UN SYST\u00c8ME DE R\u00c9CUP\u00c9RATION D\u2019EAU DE\nPLUIE <br>SUR CHAQUE R\u00c9SIDENCE<\/h3>\n<\/p><\/div>\n<\/p><\/div>\n<div class=\"elementor-element elementor-element-45787ed9 elementor-widget elementor-widget-text-editor\" data-id=\"45787ed9\" data-element_type=\"widget\" data-widget_type=\"text-editor.default\">\n<div class=\"elementor-widget-container\">\n<div class=\"elementor-text-editor elementor-clearfix\">\n<div>Elogie-Siemp int\u00e9grera dans ses programmes de construction et de r\u00e9habilitation un volet relatif au r\u00e9emploi de l\u2019eau de pluie destin\u00e9e\u00a0\u00e0 l\u2019arrosage des espaces verts et au nettoyage des parties communes.<\/div>\n<p>Le cahier des prescriptions devra \u00eatre mis \u00e0 jour afin d\u2019encourager\u00a0les espaces de stockage destin\u00e9s \u00e0 faciliter la disponibilit\u00e9 de l\u2019eau et \u00e9viter la mise en place de pompes de relevage\u2026<\/p>\n<p>Les sites disposant d\u2019anciennes cuves \u00e0 fioul devront \u00eatre recens\u00e9s afin d\u2019envisager de les transformer progressivement en r\u00e9servoir d\u2019eau de pluie.<\/p><\/div>\n<\/p><\/div>\n<\/p><\/div>\n<\/p><\/div>\n<\/p><\/div>\n<\/p><\/div>\n<div class=\"elementor-column elementor-col-50 elementor-top-column elementor-element elementor-element-6c3897c9 rounded_bg\" data-id=\"6c3897c9\" data-element_type=\"column\" data-settings=\"{&quot;background_background&quot;:&quot;classic&quot;}\">\n<div class=\"elementor-column-wrap elementor-element-populated\">\n<div class=\"elementor-widget-wrap\">\n<div class=\"elementor-element elementor-element-1b663d4d elementor-view-default elementor-widget elementor-widget-icon\" data-id=\"1b663d4d\" data-element_type=\"widget\" data-widget_type=\"icon.default\">\n<div class=\"elementor-widget-container\">\n<div class=\"elementor-icon-wrapper\">\n<div class=\"elementor-icon\">\n\t\t\t<svg xmlns=\"http:\/\/www.w3.org\/2000\/svg\" width=\"100px\" height=\"100px\" viewBox=\"0 0 33.6848 46.169\"><title>picto_proteger2<\/title><g id=\"f1004fa3-81b3-404b-ab1a-c0909e73c35e\" data-name=\"Calque 2\"><g id=\"a8bf13c4-8b4d-4d4a-a0ff-7a7f48008829\" data-name=\"Calque 1\"><path d=\"M21.2091,34.178l-.469,5.48h2.721l-6.517,6.511-6.482-6.495h2.711l-.465-5.496H6.0241c-.28,0-.442-.076-.488-.382-.1-.682-.233-1.358-.349-2.039q-.204-1.1985-.401-2.399c-.129-.777-.254-1.555-.382-2.334-.152-.923-.309-1.847-.461-2.771-.13-.781-.252-1.562-.381-2.344-.153-.922-.312-1.844-.465-2.768-.13-.779-.252-1.557-.381-2.335l-.442-2.725c-.132-.797-.269-1.592-.402-2.389-.152-.905-.293-1.81-.444-2.714q-.1965-1.1865-.399-2.37Q.7906,5.21.5541,3.812c-.126-.763-.246-1.521-.369-2.28C.1311,1.201.0781.868.0141.541A.4092.4092,0,0,1,.4591,0H33.13c.343,0,.577.163.553.4-.026.255-.07.508-.109.763q-.177,1.125-.356,2.252c-.134.839-.275,1.678-.405,2.512-.132.849-.248,1.701-.381,2.551-.13.838-.273,1.677-.403,2.516s-.252,1.678-.382,2.517q-.1575,1.041-.318,2.081-.1695,1.095-.345,2.194c-.112.71-.229,1.421-.34,2.135s-.213,1.428-.324,2.14-.229,1.442-.342,2.163c-.109.694-.212,1.388-.32,2.081-.115.741-.236,1.48-.352,2.221-.105.687-.205,1.369-.311,2.052-.137.877-.279,1.754-.416,2.632-.029.186-.047.373-.067.562-.03.314-.137.415-.457.415h-6.569ZM1.4561,1.46a1.3855,1.3855,0,0,0,0,.241c.076.368.158.734.229,1.102q.4875,2.526.97,5.054c.026.131.072.24.252.221a16.3124,16.3124,0,0,0,2.217-.237c1.242-.305,2.46-.717,3.676-1.12a5.5785,5.5785,0,0,1,2.935-.253,18.1723,18.1723,0,0,1,2.711.831,20.9614,20.9614,0,0,0,5.737,1.63,12.8976,12.8976,0,0,0,3.249-.084,20.4814,20.4814,0,0,0,4.241-1.277,6.2858,6.2858,0,0,1,2.539-.627,7.8543,7.8543,0,0,1,1.12.184l.923-5.665Zm15.489,11.127c-.041.061-.059.084-.076.108-1.461,2.23-2.951,4.44-4.371,6.693a6.3272,6.3272,0,0,0-.976,4.912,5.1165,5.1165,0,0,0,5.361,3.974c.458-.04.924-.004,1.376-.077a4.5527,4.5527,0,0,0,2.419-1.12,5.1566,5.1566,0,0,0,1.755-4.767,6.7405,6.7405,0,0,0-.945-2.725q-1.2585-2.0085-2.546-3.992c-.65-.996-1.32-1.983-1.999-3.005Z\" style=\"fill:#fff\"><\/path><\/g><\/g><\/svg>\t\t\t<\/div>\n<\/p><\/div>\n<\/p><\/div>\n<\/p><\/div>\n<div class=\"elementor-element elementor-element-6b87d886 color-white elementor-widget elementor-widget-heading\" data-id=\"6b87d886\" data-element_type=\"widget\" data-widget_type=\"heading.default\">\n<div class=\"elementor-widget-container\">\n<h2 class=\"elementor-heading-title elementor-size-default\">Nos principales actions<\/h2>\n<\/p><\/div>\n<\/p><\/div>\n<div class=\"elementor-element elementor-element-2eb38f0a elementor-widget elementor-widget-text-editor\" data-id=\"2eb38f0a\" data-element_type=\"widget\" data-widget_type=\"text-editor.default\">\n<div class=\"elementor-widget-container\">\n<div class=\"elementor-text-editor elementor-clearfix\">\n<p><span style=\"font-size: 1rem;\">Un lien entre nos logements et notre \u00e9cosyst\u00e8me LE CYCLE DE L\u2019EAU :<\/span><br><\/p>\n<ul>\n<li>Viser une consommation d\u2019eau \u00e0 100 litres par jour et par habitant.<\/li>\n<li>Faire du patrimoine d\u2019Elogie-Siemp une r\u00e9f\u00e9rence en mati\u00e8re d\u2019\u00e9conomies d\u2019eau : donner aux locataires les moyens de r\u00e9duire leur consommation d\u2019eau potable.<\/li>\n<li>Tester l\u2019eau non potable pour les usages non sanitaires des parties communes, puis dans les logements (op\u00e9ration pilote pour 2030).<\/li>\n<\/ul>\n<\/div><\/div>\n<\/p><\/div>\n<\/p><\/div>\n<\/p><\/div>\n<\/p><\/div>\n<\/p><\/div>\n<\/p><\/div>\n<\/section>\n<section class=\"elementor-section elementor-top-section elementor-element elementor-element-30b32e1b elementor-section-full_width elementor-section-height-default elementor-section-height-default\" data-id=\"30b32e1b\" data-element_type=\"section\">\n<div class=\"elementor-container elementor-column-gap-default\">\n<div class=\"elementor-row\">\n<div class=\"elementor-column elementor-col-50 elementor-top-column elementor-element elementor-element-7f0f6643\" data-id=\"7f0f6643\" data-element_type=\"column\">\n<div class=\"elementor-column-wrap elementor-element-populated\">\n<div class=\"elementor-widget-wrap\">\n<div class=\"elementor-element elementor-element-1d3b3b2b elementor-widget elementor-widget-heading\" data-id=\"1d3b3b2b\" data-element_type=\"widget\" data-widget_type=\"heading.default\">\n<div class=\"elementor-widget-container\">\n<h2 class=\"elementor-heading-title elementor-size-default\">Encourager<br\/><span>la biodiversit\u00e9<\/span><\/h2>\n<\/p><\/div>\n<\/p><\/div>\n<\/p><\/div>\n<\/p><\/div>\n<\/p><\/div>\n<div class=\"elementor-column elementor-col-50 elementor-top-column elementor-element elementor-element-205d0cf1\" data-id=\"205d0cf1\" data-element_type=\"column\">\n<div class=\"elementor-column-wrap\">\n<div class=\"elementor-widget-wrap\">\n\t\t\t\t\t\t\t\t<\/div>\n<\/p><\/div>\n<\/p><\/div>\n<\/p><\/div>\n<\/p><\/div>\n<\/section>\n<section class=\"elementor-section elementor-top-section elementor-element elementor-element-75a870f2 columns2_images elementor-section-boxed elementor-section-height-default elementor-section-height-default\" data-id=\"75a870f2\" data-element_type=\"section\">\n<div class=\"elementor-container elementor-column-gap-default\">\n<div class=\"elementor-row\">\n<div class=\"elementor-column elementor-col-50 elementor-top-column elementor-element elementor-element-2ffa564\" data-id=\"2ffa564\" data-element_type=\"column\">\n<div class=\"elementor-column-wrap elementor-element-populated\">\n<div class=\"elementor-widget-wrap\">\n<div class=\"elementor-element elementor-element-205f351c elementor-invisible elementor-widget elementor-widget-image\" data-id=\"205f351c\" data-element_type=\"widget\" data-settings=\"{&quot;_animation&quot;:&quot;none&quot;}\" data-widget_type=\"image.default\">\n<div class=\"elementor-widget-container\">\n<div class=\"elementor-image\">\n\t\t\t\t\t\t\t\t\t\t<img loading=\"lazy\" decoding=\"async\" width=\"640\" height=\"640\" src=\"https:\/\/elogie-siemp.paris\/planclimat\/wp-content\/uploads\/2025\/09\/proteger4-scaled-1-1024x1024.jpg\" class=\"attachment-large size-large\" alt=\"\" srcset=\"https:\/\/elogie-siemp.paris\/planclimat\/wp-content\/uploads\/2025\/09\/proteger4-scaled-1-1024x1024.jpg 1024w, https:\/\/elogie-siemp.paris\/planclimat\/wp-content\/uploads\/2025\/09\/proteger4-scaled-1-300x300.jpg 300w, https:\/\/elogie-siemp.paris\/planclimat\/wp-content\/uploads\/2025\/09\/proteger4-scaled-1-150x150.jpg 150w, https:\/\/elogie-siemp.paris\/planclimat\/wp-content\/uploads\/2025\/09\/proteger4-scaled-1-768x768.jpg 768w, https:\/\/elogie-siemp.paris\/planclimat\/wp-content\/uploads\/2025\/09\/proteger4-scaled-1-1536x1536.jpg 1536w, https:\/\/elogie-siemp.paris\/planclimat\/wp-content\/uploads\/2025\/09\/proteger4-scaled-1-2048x2048.jpg 2048w, https:\/\/elogie-siemp.paris\/planclimat\/wp-content\/uploads\/2025\/09\/proteger4-scaled-1-1000x1000.jpg 1000w\" sizes=\"auto, (max-width: 640px) 100vw, 640px\" \/>\t\t\t\t\t\t\t\t\t\t\t<\/div>\n<\/p><\/div>\n<\/p><\/div>\n<\/p><\/div>\n<\/p><\/div>\n<\/p><\/div>\n<div class=\"elementor-column elementor-col-50 elementor-top-column elementor-element elementor-element-31aaecd7\" data-id=\"31aaecd7\" data-element_type=\"column\">\n<div class=\"elementor-column-wrap elementor-element-populated\">\n<div class=\"elementor-widget-wrap\">\n<div class=\"elementor-element elementor-element-4e31591 elementor-widget elementor-widget-image\" data-id=\"4e31591\" data-element_type=\"widget\" data-widget_type=\"image.default\">\n<div class=\"elementor-widget-container\">\n<div class=\"elementor-image\">\n\t\t\t\t\t\t\t\t\t\t<img loading=\"lazy\" decoding=\"async\" width=\"640\" height=\"640\" src=\"https:\/\/elogie-siemp.paris\/planclimat\/wp-content\/uploads\/2025\/09\/proteger5-scaled-2-1024x1024.jpg\" class=\"attachment-large size-large\" alt=\"\" srcset=\"https:\/\/elogie-siemp.paris\/planclimat\/wp-content\/uploads\/2025\/09\/proteger5-scaled-2-1024x1024.jpg 1024w, https:\/\/elogie-siemp.paris\/planclimat\/wp-content\/uploads\/2025\/09\/proteger5-scaled-2-300x300.jpg 300w, https:\/\/elogie-siemp.paris\/planclimat\/wp-content\/uploads\/2025\/09\/proteger5-scaled-2-150x150.jpg 150w, https:\/\/elogie-siemp.paris\/planclimat\/wp-content\/uploads\/2025\/09\/proteger5-scaled-2-768x768.jpg 768w, https:\/\/elogie-siemp.paris\/planclimat\/wp-content\/uploads\/2025\/09\/proteger5-scaled-2-1536x1536.jpg 1536w, https:\/\/elogie-siemp.paris\/planclimat\/wp-content\/uploads\/2025\/09\/proteger5-scaled-2-2048x2048.jpg 2048w, https:\/\/elogie-siemp.paris\/planclimat\/wp-content\/uploads\/2025\/09\/proteger5-scaled-2-1000x1000.jpg 1000w\" sizes=\"auto, (max-width: 640px) 100vw, 640px\" \/>\t\t\t\t\t\t\t\t\t\t\t<\/div>\n<\/p><\/div>\n<\/p><\/div>\n<\/p><\/div>\n<\/p><\/div>\n<\/p><\/div>\n<\/p><\/div>\n<\/p><\/div>\n<\/section>\n<section class=\"elementor-section elementor-top-section elementor-element elementor-element-6e6f2d47 elementor-section-full_width elementor-section-height-default elementor-section-height-default\" data-id=\"6e6f2d47\" data-element_type=\"section\">\n<div class=\"elementor-container elementor-column-gap-default\">\n<div class=\"elementor-row\">\n<div class=\"elementor-column elementor-col-100 elementor-top-column elementor-element elementor-element-3c7e1bf2\" data-id=\"3c7e1bf2\" data-element_type=\"column\">\n<div class=\"elementor-column-wrap elementor-element-populated\">\n<div class=\"elementor-widget-wrap\">\n<section class=\"elementor-section elementor-inner-section elementor-element elementor-element-5a169f7d elementor-section-full_width elementor-section-height-default elementor-section-height-default\" data-id=\"5a169f7d\" data-element_type=\"section\">\n<div class=\"elementor-container elementor-column-gap-default\">\n<div class=\"elementor-row\">\n<div class=\"elementor-column elementor-col-50 elementor-inner-column elementor-element elementor-element-41d54a6\" data-id=\"41d54a6\" data-element_type=\"column\">\n<div class=\"elementor-column-wrap elementor-element-populated\">\n<div class=\"elementor-widget-wrap\">\n<div class=\"elementor-element elementor-element-7c20b34e elementor-widget elementor-widget-heading\" data-id=\"7c20b34e\" data-element_type=\"widget\" data-widget_type=\"heading.default\">\n<div class=\"elementor-widget-container\">\n<h3 class=\"elementor-heading-title elementor-size-default\">D\u00e9velopper un permis de jardiner<\/h3>\n<\/p><\/div>\n<\/p><\/div>\n<div class=\"elementor-element elementor-element-75c1b40 elementor-widget elementor-widget-text-editor\" data-id=\"75c1b40\" data-element_type=\"widget\" data-widget_type=\"text-editor.default\">\n<div class=\"elementor-widget-container\">\n<div class=\"elementor-text-editor elementor-clearfix\">\n<p>La v\u00e9g\u00e9talisation du patrimoine d\u2019Elogie-Siemp ne doit pas \u00eatre une d\u00e9marche simplement verticale, mais l\u2019occasion\u00a0d\u2019encourager et d\u2019accompagner les locataires d\u00e9sireux de s\u2019impliquer. Un dispositif de \u00ab permis de jardiner \u00bb dans chaque\u00a0r\u00e9sidence o\u00f9 un espace de terre v\u00e9g\u00e9tale accessible est disponible et des appels \u00e0 \u00ab adopter \u00bb des espaces \u00e0 jardiner sur les\u00a0sites qu\u2019Elogie-Siemp aura recens\u00e9s seront mis en place.<\/p>\n<\/div><\/div>\n<\/p><\/div>\n<\/p><\/div>\n<\/p><\/div>\n<\/p><\/div>\n<div class=\"elementor-column elementor-col-50 elementor-inner-column elementor-element elementor-element-3fe40146\" data-id=\"3fe40146\" data-element_type=\"column\">\n<div class=\"elementor-column-wrap elementor-element-populated\">\n<div class=\"elementor-widget-wrap\">\n<div class=\"elementor-element elementor-element-1b733f5a elementor-widget elementor-widget-text-editor\" data-id=\"1b733f5a\" data-element_type=\"widget\" data-widget_type=\"text-editor.default\">\n<div class=\"elementor-widget-container\">\n<div class=\"elementor-text-editor elementor-clearfix\"><span style=\"font-size: 1rem;\">Ce cadre permettra de d\u00e9finir des engagements mutuels entre locataires-jardiniers et bailleur, sur les m\u00e9thodes de culture et\u00a0sur les bonnes pratiques (z\u00e9ro phyto, arrosages raisonn\u00e9s\u2026) pour :<\/span><\/p>\n<div>Permettre la p\u00e9rennit\u00e9 de ce syst\u00e8me.<br\/>\nD\u00e9finir un nouveau mod\u00e8le de jardin ouvrier.<\/div>\n<\/div><\/div>\n<\/p><\/div>\n<\/p><\/div>\n<\/p><\/div>\n<\/p><\/div>\n<\/p><\/div>\n<\/p><\/div>\n<\/section><\/div>\n<\/p><\/div>\n<\/p><\/div>\n<\/p><\/div>\n<\/p><\/div>\n<\/section>\n<section class=\"elementor-section elementor-top-section elementor-element elementor-element-692fc697 elementor-section-full_width columns2_1-3 elementor-section-height-default elementor-section-height-default\" data-id=\"692fc697\" data-element_type=\"section\">\n<div class=\"elementor-container elementor-column-gap-default\">\n<div class=\"elementor-row\">\n<div class=\"elementor-column elementor-col-100 elementor-top-column elementor-element elementor-element-23275e09\" data-id=\"23275e09\" data-element_type=\"column\">\n<div class=\"elementor-column-wrap elementor-element-populated\">\n<div class=\"elementor-widget-wrap\">\n<section class=\"elementor-section elementor-inner-section elementor-element elementor-element-5567ac29 elementor-section-full_width elementor-section-height-default elementor-section-height-default\" data-id=\"5567ac29\" data-element_type=\"section\">\n<div class=\"elementor-container elementor-column-gap-default\">\n<div class=\"elementor-row\">\n<div class=\"elementor-column elementor-col-50 elementor-inner-column elementor-element elementor-element-78872089\" data-id=\"78872089\" data-element_type=\"column\">\n<div class=\"elementor-column-wrap elementor-element-populated\">\n<div class=\"elementor-widget-wrap\">\n<div class=\"elementor-element elementor-element-490b7b2 elementor-invisible elementor-widget elementor-widget-image\" data-id=\"490b7b2\" data-element_type=\"widget\" data-settings=\"{&quot;_animation&quot;:&quot;none&quot;}\" data-widget_type=\"image.default\">\n<div class=\"elementor-widget-container\">\n<div class=\"elementor-image\">\n\t\t\t\t\t\t\t\t\t\t<img loading=\"lazy\" decoding=\"async\" width=\"1000\" height=\"1000\" src=\"https:\/\/elogie-siemp.paris\/planclimat\/wp-content\/uploads\/2025\/09\/proteger6-scaled-1-1000x1000.jpg\" class=\"attachment-custom-medium3 size-custom-medium3\" alt=\"\" srcset=\"https:\/\/elogie-siemp.paris\/planclimat\/wp-content\/uploads\/2025\/09\/proteger6-scaled-1-1000x1000.jpg 1000w, https:\/\/elogie-siemp.paris\/planclimat\/wp-content\/uploads\/2025\/09\/proteger6-scaled-1-150x150.jpg 150w\" sizes=\"auto, (max-width: 1000px) 100vw, 1000px\" \/>\t\t\t\t\t\t\t\t\t\t\t<\/div>\n<\/p><\/div>\n<\/p><\/div>\n<\/p><\/div>\n<\/p><\/div>\n<\/p><\/div>\n<div class=\"elementor-column elementor-col-50 elementor-inner-column elementor-element elementor-element-135de383 p-0 m-0\" data-id=\"135de383\" data-element_type=\"column\">\n<div class=\"elementor-column-wrap elementor-element-populated\">\n<div class=\"elementor-widget-wrap\">\n<div class=\"elementor-element elementor-element-350533be elementor-widget elementor-widget-heading\" data-id=\"350533be\" data-element_type=\"widget\" data-widget_type=\"heading.default\">\n<div class=\"elementor-widget-container\">\n<h3 class=\"elementor-heading-title elementor-size-default\">VISER LE PLUS HAUT NIVEAU DE QUALIT\u00c9<br>DE V\u00c9G\u00c9TALISATION ET DE PERM\u00c9ABILIT\u00c9<br><\/h3>\n<\/p><\/div>\n<\/p><\/div>\n<div class=\"elementor-element elementor-element-61327e4a elementor-widget elementor-widget-text-editor\" data-id=\"61327e4a\" data-element_type=\"widget\" data-widget_type=\"text-editor.default\">\n<div class=\"elementor-widget-container\">\n<div class=\"elementor-text-editor elementor-clearfix\">\n<div>Pour cr\u00e9er des espaces \u00e0 fort pouvoir d\u2019accueil de biodiversit\u00e9.<\/div>\n<p><br\/>\nLa v\u00e9g\u00e9talisation du patrimoine ne peut r\u00e9pondre \u00e0 la seule logique d\u2019espaces verts d\u00e9coratifs, mais doit prendre en compte\u00a0les services \u00e9cosyst\u00e9miques que peuvent rendre ces espaces, artificiels par nature : pour la vie terrestre (refuges, ressources\u00a0alimentaires pour la faune\u2026) ou pour les microclimats urbains (infiltration des eaux pluviales, \u00e9vapotranspiration).<\/p>\n<p><b>La plantation d\u2019esp\u00e8ces end\u00e9miques ou locales, mieux adapt\u00e9es au climat et \u00e0 la faune sauvage r\u00e9gionale, sera encourag\u00e9e et\u00a0le cahier des\u00a0recommandations conceptuelles sera compl\u00e9t\u00e9 afin d\u2019encadrer la cr\u00e9ation des nouveaux espaces ext\u00e9rieurs. <\/b>Il s&rsquo;agit d&rsquo;une esp\u00e8ce naturellement restreinte \u00e0 une zone limit\u00e9e, dont la g\u00e9ographie est cern\u00e9e. Il est important de les conserver car de petits changements dans l\u2019habitat peuvent conduire \u00e0 l\u2019extinction de l\u2019ensemble de l\u2019esp\u00e8ce.<\/p>\n<p><b>Un \u00e9tat des lieux du potentiel de re-v\u00e9g\u00e9talisation du patrimoine et de d\u00e9veloppement des surfaces perm\u00e9ables sera r\u00e9alis\u00e9\u00a0afin de\u00a0planifier cette \u00ab reconqu\u00eate \u00bb v\u00e9g\u00e9tale des pieds d\u2019immeubles et des pignons.<\/b><\/p>\n<p><b>L\u2019objectif d\u2019Elogie-Siemp est que\u00a0100% des espaces verts soient entretenus selon des pratiques favorables \u00e0 la cr\u00e9ation et au\u00a0d\u00e9veloppement de la biodiversit\u00e9<\/b>.<\/p>\n<p>Il conviendra d\u2019\u00e9changer et de communiquer avec les locataires concern\u00e9s sur ces nouvelles\u00a0modalit\u00e9s d\u2019entretien des espaces verts : choix des espaces trait\u00e9s en zones d\u2019agr\u00e9ment ou en zone d\u2019accueil de la biodiversit\u00e9,\u00a0rythme des fauchages\u2026<\/p><\/div>\n<\/p><\/div>\n<\/p><\/div>\n<\/p><\/div>\n<\/p><\/div>\n<\/p><\/div>\n<\/p><\/div>\n<\/p><\/div>\n<\/section><\/div>\n<\/p><\/div>\n<\/p><\/div>\n<\/p><\/div>\n<\/p><\/div>\n<\/section>\n<section class=\"elementor-section elementor-top-section elementor-element elementor-element-27fe81ed elementor-section-full_width columns2_1-3 elementor-section-content-top elementor-section-height-default elementor-section-height-default\" data-id=\"27fe81ed\" data-element_type=\"section\">\n<div class=\"elementor-container elementor-column-gap-default\">\n<div class=\"elementor-row\">\n<div class=\"elementor-column elementor-col-100 elementor-top-column elementor-element elementor-element-5304e76b\" data-id=\"5304e76b\" data-element_type=\"column\">\n<div class=\"elementor-column-wrap elementor-element-populated\">\n<div class=\"elementor-widget-wrap\">\n<section class=\"elementor-section elementor-inner-section elementor-element elementor-element-54b685b7 elementor-section-full_width elementor-section-content-top elementor-section-height-default elementor-section-height-default\" data-id=\"54b685b7\" data-element_type=\"section\">\n<div class=\"elementor-container elementor-column-gap-default\">\n<div class=\"elementor-row\">\n<div class=\"elementor-column elementor-col-50 elementor-inner-column elementor-element elementor-element-704543ee\" data-id=\"704543ee\" data-element_type=\"column\">\n<div class=\"elementor-column-wrap elementor-element-populated\">\n<div class=\"elementor-widget-wrap\">\n<div class=\"elementor-element elementor-element-2b8c63e6 elementor-widget elementor-widget-text-editor\" data-id=\"2b8c63e6\" data-element_type=\"widget\" data-widget_type=\"text-editor.default\">\n<div class=\"elementor-widget-container\">\n<div class=\"elementor-text-editor elementor-clearfix\">\n<p><strong>La v\u00e9g\u00e9talisation des toitures lors des travaux de r\u00e9fection d\u2018\u00e9tanch\u00e9it\u00e9 sera pr\u00e9vue. Elle permet en effet de ralentir le cycle de l\u2019eau,\u00a0de favoriser l\u2019\u00e9vapotranspiration des plantes, qui ont un r\u00f4le d\u2019amortissement dans l\u2019ilot de chaleur urbain, et de limiter les risques\u00a0de d\u00e9bordement des \u00e9gouts dans la Seine lors des \u00e9pisodes pluvieux.<\/strong><\/p>\n<p>Elogie-Siemp s\u2019engage d\u00e9j\u00e0 avec la signature du contrat Eau et Climat avec la Ville de Paris et l\u2019Agence de l\u2019Eau Seine Normandie. Ces actions s\u2019inscrivent \u00e9galement dans le cadre du Plan Paris-Pluie, d\u00e9clinaison th\u00e9matique du Plan Climat, Air, Energie Parisien.<\/p>\n<p>Il s\u2019agira \u00e9galement de :<\/p>\n<ul>\n<li>D\u00e9velopper cette politique et l\u2019int\u00e9grer dans les futurs march\u00e9s en 2022<\/li>\n<li>Am\u00e9liorer et faire reconna\u00eetre par les locataires la gestion de la biodiversit\u00e9 sur les r\u00e9sidences ;<\/li>\n<li>Exp\u00e9rimenter l\u2019int\u00e9gration d\u2019un label en faveur de la biodiversit\u00e9.<\/li>\n<\/ul>\n<p>Elogie-Siemp s\u2019engage \u00e0 r\u00e9duire les pollutions lumineuses, perturbatrices pour la biodiversit\u00e9 et pour les habitants. <b>Elle rationalisera\u00a0<\/b><b>l\u2019\u00e9clairage des pieds d\u2019immeubles<\/b>\u00a0: puissances lumineuses, nombre de sources et propagation, programmation\u2026<\/p>\n<p>Il conviendra de mettre au point d\u2019ici 2025 les indicateurs adapt\u00e9s pour suivre l\u2019\u00e9volution de la biodiversit\u00e9 sur le patrimoine.<\/p>\n<\/div><\/div>\n<\/p><\/div>\n<\/p><\/div>\n<\/p><\/div>\n<\/p><\/div>\n<div class=\"elementor-column elementor-col-50 elementor-inner-column elementor-element elementor-element-15adf11a rounded_bg no_padding\" data-id=\"15adf11a\" data-element_type=\"column\" data-settings=\"{&quot;background_background&quot;:&quot;classic&quot;}\">\n<div class=\"elementor-column-wrap elementor-element-populated\">\n<div class=\"elementor-widget-wrap\">\n<div class=\"elementor-element elementor-element-3f261303 elementor-view-default elementor-widget elementor-widget-icon\" data-id=\"3f261303\" data-element_type=\"widget\" data-widget_type=\"icon.default\">\n<div class=\"elementor-widget-container\">\n<div class=\"elementor-icon-wrapper\">\n<div class=\"elementor-icon\">\n\t\t\t<svg xmlns=\"http:\/\/www.w3.org\/2000\/svg\" width=\"100\" height=\"100\" viewBox=\"0 0 43.361 42.4928\"><title>picto_proteger3<\/title><g id=\"a8288bdc-499c-47b1-b20c-9e99fd432c96\" data-name=\"Calque 2\"><g id=\"f5e97374-e181-49be-917c-404a3741a0dd\" data-name=\"Calque 1\"><path d=\"M14.3952.2271l1.38.583c.238.173.62.434.984.717a6.959,6.959,0,0,1,1.793,2.483,6.201,6.201,0,0,1,.361,1.405,1.1866,1.1866,0,0,1,0,.223,13.5078,13.5078,0,0,1-.019,1.777,9.8144,9.8144,0,0,1-.481,1.555c.152.126.31.365.464.365a3.8214,3.8214,0,0,1,2.321,1.115,6.8063,6.8063,0,0,1,2.378,3.561,7.1792,7.1792,0,0,1-.305,4.689,7.2892,7.2892,0,0,1-3.016,3.345,6.0332,6.0332,0,0,1-3.305.887q-4.839-.01-9.677,0a4.5613,4.5613,0,0,1-3.236-1.268,3.4748,3.4748,0,0,1-1.368-2.526c-.585-1.174-.083-2.288.247-3.386a4.8291,4.8291,0,0,1,.861-1.22,4.065,4.065,0,0,1-2.006-2.354,5.1741,5.1741,0,0,1-.121-2.99,4.9244,4.9244,0,0,1,4.758-3.432,6.1045,6.1045,0,0,1,3.866-5.203,4.5973,4.5973,0,0,1,2.768-.516,7.1936,7.1936,0,0,0,1.353.19\" style=\"fill:#fff\"><\/path><path d=\"M43.3512,42.4928H.0382v-2.771c.973-.165,39.023-.234,43.313-.071Z\" style=\"fill:#fff\"><\/path><path d=\"M.027,37.3551c-.011-.132-.027-.237-.027-.343v-2.474H43.361v2.546l-.271.27Z\" style=\"fill:#fff\"><\/path><path d=\"M34.92,17.63c2.288-1.773,5.468-2.05,7.354.296v.475c-.095.024-.208.094-.292.067-.323-.106-.639-.24-1.039-.399a6.836,6.836,0,0,0-5.975,2.032c-2.066-1.811-4.331-2.779-7.109-1.577v-.863c1.645-1.936,4.767-1.907,7.061-.031\" style=\"fill:#fff\"><\/path><path d=\"M11.81,31.567V24.746h2.801c-.015-.013.016.009.037.039a.1929.1929,0,0,1,.035.095v6.687Z\" style=\"fill:#fff\"><\/path><path d=\"M35.4274,6.4879l-.335.39a5.0024,5.0024,0,0,0-.969-.402,2.805,2.805,0,0,0-1.103,0,6.1744,6.1744,0,0,0-3.04,1.491c-.257.239-.439.625-.856.422l-2.072-1.257h-1.744a1.8145,1.8145,0,0,0-1.697.551l-.53-.494a3.8193,3.8193,0,0,1,1.798-1.474,3.4471,3.4471,0,0,1,2.333-.224,13.3546,13.3546,0,0,1,2.177.839c.812-1.063,2.035-1.15,3.179-1.424.993.377,2.152.448,2.859,1.582\" style=\"fill:#fff\"><\/path><path d=\"M36.9469,1.5816a5.0192,5.0192,0,0,1,2.49-.058,3.9845,3.9845,0,0,1,1.924,1.673l-.287.569c-.066.007-.17.051-.202.019a3.5952,3.5952,0,0,0-3.863-.622c-.163.052-.316.14-.482.176a2.2991,2.2991,0,0,1-.439.006,4.9693,4.9693,0,0,0-1.991-1.994l-2.166-.331.593-.75a6.9636,6.9636,0,0,1,1.61-.234,3.77,3.77,0,0,1,1.44.523,12.5426,12.5426,0,0,1,1.373,1.023\" style=\"fill:#fff\"><\/path><\/g><\/g><\/svg>\t\t\t<\/div>\n<\/p><\/div>\n<\/p><\/div>\n<\/p><\/div>\n<div class=\"elementor-element elementor-element-a01f5f1 color-white elementor-widget elementor-widget-heading\" data-id=\"a01f5f1\" data-element_type=\"widget\" data-widget_type=\"heading.default\">\n<div class=\"elementor-widget-container\">\n<h2 class=\"elementor-heading-title elementor-size-default\">Nos principales actions<\/h2>\n<\/p><\/div>\n<\/p><\/div>\n<div class=\"elementor-element elementor-element-3b61ddf4 elementor-widget elementor-widget-text-editor\" data-id=\"3b61ddf4\" data-element_type=\"widget\" data-widget_type=\"text-editor.default\">\n<div class=\"elementor-widget-container\">\n<div class=\"elementor-text-editor elementor-clearfix\">\n<p>Notre environnement au sens plus large<br \/>LA BIODIVERSITE :<\/p>\n<ul>\n<li>D\u00e9velopper un permis de jardiner pour nos locataires.<\/li>\n<li>Aller vers des espaces verts r\u00e9silients et \u00e0 fort pouvoir d\u2019accueil de biodiversit\u00e9 (v\u00e9g\u00e9tale et animale), compl\u00e9mentaires \u00e0 la v\u00e9g\u00e9talisation de l\u2019espace public.<\/li>\n<li>Limiter la pollution lumineuse.<\/li>\n<li>R\u00e9actualiser notre cahier des charges espaces verts et pr\u00e9voir un accompagnement locataires sur les changements d\u2019habitudes d\u2019entretien.<\/li>\n<li>Assurer 100% de nos espaces verts entretenus selon des pratiques favorables \u00e0 la cr\u00e9ation et au d\u00e9veloppement de la biodiversit\u00e9 (dont Z\u00e9ro Phyto).<\/li>\n<\/ul>\n<\/div><\/div>\n<\/p><\/div>\n<\/p><\/div>\n<\/p><\/div>\n<\/p><\/div>\n<\/p><\/div>\n<\/p><\/div>\n<\/section><\/div>\n<\/p><\/div>\n<\/p><\/div>\n<\/p><\/div>\n<\/p><\/div>\n<\/section>\n<section class=\"elementor-section elementor-top-section elementor-element elementor-element-435572fc elementor-section-full_width columns2_2-2 elementor-section-height-default elementor-section-height-default\" data-id=\"435572fc\" data-element_type=\"section\">\n<div class=\"elementor-container elementor-column-gap-default\">\n<div class=\"elementor-row\">\n<div class=\"elementor-column elementor-col-100 elementor-top-column elementor-element elementor-element-2f886620\" data-id=\"2f886620\" data-element_type=\"column\">\n<div class=\"elementor-column-wrap elementor-element-populated\">\n<div class=\"elementor-widget-wrap\">\n<div class=\"elementor-element elementor-element-2fbd0d6b elementor-widget elementor-widget-text-editor\" data-id=\"2fbd0d6b\" data-element_type=\"widget\" data-widget_type=\"text-editor.default\">\n<div class=\"elementor-widget-container\">\n<div class=\"elementor-text-editor elementor-clearfix\"><\/div>\n<\/p><\/div>\n<\/p><\/div>\n<\/p><\/div>\n<\/p><\/div>\n<\/p><\/div>\n<\/p><\/div>\n<\/p><\/div>\n<\/section><\/div>\n<\/p><\/div>\n<\/p><\/div>\n<script type=\"text\/javascript\"> toolTips('.classtoolTips1','C\u2019est une esp\u00e8ce naturellement restreinte \u00e0 une zone limit\u00e9e, dont la\u00a0g\u00e9ographie\u00a0est cern\u00e9e, il est important de les conserver car de petits changements dans l\u2019habitat peuvent conduire \u00e0 l\u2019extinction de l\u2019ensemble de l\u2019esp\u00e8ce.'); <\/script><script type=\"text\/javascript\"> toolTips('.classtoolTips5','Agence Parisienne de l\u2019Urbanisme.'); <\/script><script type=\"text\/javascript\"> toolTips('.classtoolTips12','Habitation \u00e0 bon march\u00e9.'); <\/script>","protected":false},"excerpt":{"rendered":"<p>Prot\u00e9ger notre environnement \u00a0 Les ambitions relatives aux consommations d\u2019\u00e9nergies et aux \u00e9missions de gaz \u00e0 effet de serre ne suffisent pas \u00e0 construire un\u00a0Plan Climat.\u00a0Elles doivent \u00eatre compl\u00e9t\u00e9es par des actions, probablement moins faciles \u00e0 quantifier, destin\u00e9es \u00e0 pr\u00e9server notre\u00a0environnement. \u00a0 Am\u00e9liorerle confort int\u00e9rieur R\u00e9duire la pollution de l&rsquo;air La pollution de l\u2019air int\u00e9rieur [&#8230;]<\/p>\n<p><a class=\"btn btn-secondary understrap-read-more-link\" href=\"https:\/\/elogie-siemp.paris\/planclimat\/plan-dactions\/3-proteger\">Lire la suite&#8230;<\/a><\/p>\n","protected":false},"author":1,"featured_media":0,"parent":1576,"menu_order":3,"comment_status":"closed","ping_status":"closed","template":"","meta":{"_acf_changed":false,"footnotes":""},"class_list":["post-572","page","type-page","status-publish","hentry"],"acf":[],"_links":{"self":[{"href":"https:\/\/elogie-siemp.paris\/planclimat\/wp-json\/wp\/v2\/pages\/572","targetHints":{"allow":["GET"]}}],"collection":[{"href":"https:\/\/elogie-siemp.paris\/planclimat\/wp-json\/wp\/v2\/pages"}],"about":[{"href":"https:\/\/elogie-siemp.paris\/planclimat\/wp-json\/wp\/v2\/types\/page"}],"author":[{"embeddable":true,"href":"https:\/\/elogie-siemp.paris\/planclimat\/wp-json\/wp\/v2\/users\/1"}],"replies":[{"embeddable":true,"href":"https:\/\/elogie-siemp.paris\/planclimat\/wp-json\/wp\/v2\/comments?post=572"}],"version-history":[{"count":28,"href":"https:\/\/elogie-siemp.paris\/planclimat\/wp-json\/wp\/v2\/pages\/572\/revisions"}],"predecessor-version":[{"id":2510,"href":"https:\/\/elogie-siemp.paris\/planclimat\/wp-json\/wp\/v2\/pages\/572\/revisions\/2510"}],"up":[{"embeddable":true,"href":"https:\/\/elogie-siemp.paris\/planclimat\/wp-json\/wp\/v2\/pages\/1576"}],"wp:attachment":[{"href":"https:\/\/elogie-siemp.paris\/planclimat\/wp-json\/wp\/v2\/media?parent=572"}],"curies":[{"name":"wp","href":"https:\/\/api.w.org\/{rel}","templated":true}]}}